{"id":6,"date":"2016-09-15T16:04:35","date_gmt":"2016-09-15T16:04:35","guid":{"rendered":"http:\/\/www.restauranteescalo.com\/formentera\/?page_id=6"},"modified":"2016-10-05T09:40:48","modified_gmt":"2016-10-05T09:40:48","slug":"el-restaurante","status":"publish","type":"page","link":"https:\/\/www.restauranteescalo.com\/formentera\/el-restaurante\/","title":{"rendered":"El Restaurante"},"content":{"rendered":"[mk_page_section bg_image=\u00bbhttp:\/\/www.restauranteescalo.com\/formentera\/wp-content\/uploads\/2016\/09\/IMG_7604b200.jpg\u00bb bg_position=\u00bbcenter center\u00bb bg_stretch=\u00bbtrue\u00bb bg_gradient=\u00bbleft_top\u00bb min_height=\u00bb300&#8243; padding_top=\u00bb120&#8243; padding_bottom=\u00bb20&#8243; sidebar=\u00bbsidebar-1&#8243;][vc_column][vc_empty_space height=\u00bb20&#8243;][vc_column_text align=\u00bbcenter\u00bb]<img loading=\"lazy\" class=\"alignnone wp-image-205 size-full\" src=\"http:\/\/www.restauranteescalo.com\/formentera\/wp-content\/uploads\/2016\/09\/pez1.png\" alt=\"\" width=\"425\" height=\"200\" srcset=\"https:\/\/www.restauranteescalo.com\/formentera\/wp-content\/uploads\/2016\/09\/pez1.png 425w, https:\/\/www.restauranteescalo.com\/formentera\/wp-content\/uploads\/2016\/09\/pez1-300x141.png 300w, https:\/\/www.restauranteescalo.com\/formentera\/wp-content\/uploads\/2016\/09\/pez1-330x155.png 330w\" sizes=\"(max-width: 425px) 85vw, 425px\" \/>[\/vc_column_text][mk_fancy_title color=\u00bb#ffffff\u00bb size=\u00bb42&#8243; font_weight=\u00bb400&#8243; txt_transform=\u00bbnone\u00bb font_family=\u00bbSatisfy\u00bb font_type=\u00bbgoogle\u00bb align=\u00bbcenter\u00bb]Un entorno \u00fanico de azules y turquesas[\/mk_fancy_title][\/vc_column][\/mk_page_section][vc_row][vc_column][vc_empty_space height=\u00bb60&#8243;][\/vc_column][\/vc_row][vc_row][vc_column width=\u00bb1\/2&#8243;][mk_fancy_title color=\u00bb#009ee0&#8243; size=\u00bb30&#8243; line_height=\u00bb50&#8243; font_weight=\u00bb400&#8243; txt_transform=\u00bbnone\u00bb margin_bottom=\u00bb0&#8243; font_family=\u00bbnone\u00bb]Restaurante Es Cal\u00f3[\/mk_fancy_title][mk_fancy_title tag_name=\u00bbh3&#8243; size=\u00bb16&#8243; font_weight=\u00bb400&#8243; margin_bottom=\u00bb0&#8243; font_family=\u00bbnone\u00bb]<strong><span class=\"txt-gris-claro\">Plato a plato siguiendo una exquisita melodia<\/span><\/strong>[\/mk_fancy_title][\/vc_column][vc_column width=\u00bb1\/2&#8243;][vc_column_text]El pescado, la carne y las hortalizas de m\u00e1xima calidad, una elaboraci\u00f3n que a\u00fana la cocina tradicional con las exigencias del siglo XXI y una atenci\u00f3n que transmita nuestra pasi\u00f3n son los instrumentos que les presentamos en esta \u00f3pera de sabores, aromas, texturas y sensaciones.<\/p>\n<p>Todo en un entorno \u00fanico a pocos metros del mar y con la meseta de La Mola imponi\u00e9ndose sobre nosotros. Le brindamos la oportunidad de disfrutar de esta opera gastron\u00f3mica en una sala cubierta con apertura directa a la naturaleza; en un lado el pueblo de Es Cal\u00f2, por el otro el turquesa brillante del mar de Formentera y por otro el chill-out, dise\u00f1ado para el m\u00e1s profundo relax.[\/vc_column_text][\/vc_column][\/vc_row][vc_row][vc_column][vc_empty_space height=\u00bb60&#8243;][\/vc_column][\/vc_row][vc_row][vc_column][mk_gallery images=\u00bb165,169,170,167,172,168,171,166,173,177&#8243; column=\u00bb5&#8243; height=\u00bb190&#8243; overlay_color=\u00bb#e74c3c\u00bb item_spacing=\u00bb15&#8243; margin_bottom=\u00bb15&#8243; orderby=\u00bbpost__in\u00bb][\/vc_column][\/vc_row][vc_row][vc_column][vc_empty_space height=\u00bb60&#8243;][\/vc_column][\/vc_row][vc_row fullwidth=\u00bbtrue\u00bb][vc_column][mk_swipe_slideshow images=\u00bb380,194,383,384,382&#8243; image_width=\u00bb1920&#8243; image_height=\u00bb920&#8243;][\/vc_column][\/vc_row][vc_row][vc_column][vc_empty_space height=\u00bb80px\u00bb][mk_fancy_title tag_name=\u00bbh3&#8243; size=\u00bb18&#8243; font_weight=\u00bb400&#8243; txt_transform=\u00bbnone\u00bb font_family=\u00bbnone\u00bb align=\u00bbcenter\u00bb]<strong>www.restauranteescalo.com | <\/strong>Una sinfon\u00eda gastron\u00f3mica tambi\u00e9n en las redes sociales[\/mk_fancy_title][vc_column_text align=\u00bbcenter\u00bb]<a href=\"https:\/\/www.facebook.com\/RestaurantEsCalo\" target=\"_blank\"><img loading=\"lazy\" class=\"fade alignnone wp-image-122 size-full\" src=\"http:\/\/www.restauranteescalo.com\/formentera\/wp-content\/uploads\/2016\/09\/i1.png\" alt=\"i1\" width=\"36\" height=\"32\" \/><\/a>\u00a0\u00a0\u00a0 <a href=\"https:\/\/twitter.com\/restauranescalo\" target=\"_blank\"><img loading=\"lazy\" class=\"fade alignnone wp-image-123 size-full\" src=\"http:\/\/www.restauranteescalo.com\/formentera\/wp-content\/uploads\/2016\/09\/i2.png\" alt=\"i2\" width=\"36\" height=\"32\" \/><\/a>\u00a0\u00a0\u00a0<a href=\"https:\/\/www.tripadvisor.es\/Restaurant_Review-g3373401-d3372861-Reviews-Es_Calo_Restaurant-Calo_de_Sant_Agusti_Formentera_Balearic_Islands.html\" target=\"_blank\"><img loading=\"lazy\" class=\"fade alignnone wp-image-124 size-full\" src=\"http:\/\/www.restauranteescalo.com\/formentera\/wp-content\/uploads\/2016\/09\/i3.png\" alt=\"i3\" width=\"36\" height=\"32\" \/><\/a>\u00a0\u00a0\u00a0<a href=\"https:\/\/www.instagram.com\/restaurant_escalo\/\" target=\"_blank\"><img loading=\"lazy\" class=\"fade alignnone wp-image-125 size-full\" src=\"http:\/\/www.restauranteescalo.com\/formentera\/wp-content\/uploads\/2016\/09\/i4.png\" alt=\"i4\" width=\"36\" height=\"32\" \/><\/a>\u00a0\u00a0\u00a0<a href=\"https:\/\/vimeo.com\/user14272299\" target=\"_blank\"><img loading=\"lazy\" class=\"fade alignnone wp-image-127 size-full\" src=\"http:\/\/www.restauranteescalo.com\/formentera\/wp-content\/uploads\/2016\/09\/i6.png\" alt=\"i6\" width=\"36\" height=\"32\" \/><\/a>\u00a0\u00a0\u00a0<a href=\"https:\/\/es.pinterest.com\/escalorest\/boards\/\" target=\"_blank\"><img loading=\"lazy\" class=\"fade alignnone wp-image-128 size-full\" src=\"http:\/\/www.restauranteescalo.com\/formentera\/wp-content\/uploads\/2016\/09\/i7.png\" alt=\"i7\" width=\"36\" height=\"32\" \/><\/a>[\/vc_column_text][vc_empty_space height=\u00bb80px\u00bb][\/vc_column][\/vc_row]\n","protected":false},"excerpt":{"rendered":"<p>[mk_page_section bg_image=\u00bbhttp:\/\/www.restauranteescalo.com\/formentera\/wp-content\/uploads\/2016\/09\/IMG_7604b200.jpg\u00bb bg_position=\u00bbcenter center\u00bb bg_stretch=\u00bbtrue\u00bb bg_gradient=\u00bbleft_top\u00bb min_height=\u00bb300&#8243; padding_top=\u00bb120&#8243; padding_bottom=\u00bb20&#8243; sidebar=\u00bbsidebar-1&#8243;][vc_column][vc_empty_space height=\u00bb20&#8243;][vc_column_text align=\u00bbcenter\u00bb][\/vc_column_text][mk_fancy_title color=\u00bb#ffffff\u00bb size=\u00bb42&#8243; font_weight=\u00bb400&#8243; txt_transform=\u00bbnone\u00bb font_family=\u00bbSatisfy\u00bb font_type=\u00bbgoogle\u00bb align=\u00bbcenter\u00bb]Un entorno \u00fanico de azules y turquesas[\/mk_fancy_title][\/vc_column][\/mk_page_section][vc_row][vc_column][vc_empty_space height=\u00bb60&#8243;][\/vc_column][\/vc_row][vc_row][vc_column width=\u00bb1\/2&#8243;][mk_fancy_title color=\u00bb#009ee0&#8243; size=\u00bb30&#8243; line_height=\u00bb50&#8243; font_weight=\u00bb400&#8243; txt_transform=\u00bbnone\u00bb margin_bottom=\u00bb0&#8243; font_family=\u00bbnone\u00bb]Restaurante Es Cal\u00f3[\/mk_fancy_title][mk_fancy_title tag_name=\u00bbh3&#8243; size=\u00bb16&#8243; font_weight=\u00bb400&#8243; margin_bottom=\u00bb0&#8243; font_family=\u00bbnone\u00bb]Plato a plato siguiendo una exquisita melodia[\/mk_fancy_title][\/vc_column][vc_column width=\u00bb1\/2&#8243;][vc_column_text]El pescado, la carne y las hortalizas de [&hellip;]<\/p>\n","protected":false},"author":1,"featured_media":0,"parent":0,"menu_order":0,"comment_status":"open","ping_status":"open","template":"","meta":[],"_links":{"self":[{"href":"https:\/\/www.restauranteescalo.com\/formentera\/wp-json\/wp\/v2\/pages\/6"}],"collection":[{"href":"https:\/\/www.restauranteescalo.com\/formentera\/wp-json\/wp\/v2\/pages"}],"about":[{"href":"https:\/\/www.restauranteescalo.com\/formentera\/wp-json\/wp\/v2\/types\/page"}],"author":[{"embeddable":true,"href":"https:\/\/www.restauranteescalo.com\/formentera\/wp-json\/wp\/v2\/users\/1"}],"replies":[{"embeddable":true,"href":"https:\/\/www.restauranteescalo.com\/formentera\/wp-json\/wp\/v2\/comments?post=6"}],"version-history":[{"count":66,"href":"https:\/\/www.restauranteescalo.com\/formentera\/wp-json\/wp\/v2\/pages\/6\/revisions"}],"predecessor-version":[{"id":546,"href":"https:\/\/www.restauranteescalo.com\/formentera\/wp-json\/wp\/v2\/pages\/6\/revisions\/546"}],"wp:attachment":[{"href":"https:\/\/www.restauranteescalo.com\/formentera\/wp-json\/wp\/v2\/media?parent=6"}],"curies":[{"name":"wp","href":"https:\/\/api.w.org\/{rel}","templated":true}]}}